{"id":1202,"date":"2020-06-29T21:49:58","date_gmt":"2020-06-29T19:49:58","guid":{"rendered":"https:\/\/www.gemsnk.de\/?page_id=1202"},"modified":"2024-09-01T00:07:49","modified_gmt":"2024-08-31T22:07:49","slug":"berufsvorbereitung","status":"publish","type":"page","link":"https:\/\/www.gemsnk.de\/?page_id=1202","title":{"rendered":"Vorbereitungen auf das Berufsleben"},"content":{"rendered":"\t\t<div data-elementor-type=\"wp-page\" data-elementor-id=\"1202\" class=\"elementor elementor-1202\">\n\t\t\t\t\t\t\t\t\t<section class=\"elementor-section elementor-top-section elementor-element elementor-element-ea6549f elementor-section-boxed elementor-section-height-default elementor-section-height-default\" data-id=\"ea6549f\" data-element_type=\"section\">\n\t\t\t\t\t\t<div class=\"elementor-container elementor-column-gap-default\">\n\t\t\t\t\t<div class=\"elementor-column elementor-col-100 elementor-top-column elementor-element elementor-element-57f29e3\" data-id=\"57f29e3\" data-element_type=\"column\">\n\t\t\t<div class=\"elementor-widget-wrap elementor-element-populated\">\n\t\t\t\t\t\t\t\t<div class=\"elementor-element elementor-element-80e8747 elementor-invisible elementor-widget elementor-widget-text-editor\" data-id=\"80e8747\" data-element_type=\"widget\" data-settings=\"{&quot;_animation&quot;:&quot;zoomIn&quot;}\" data-widget_type=\"text-editor.default\">\n\t\t\t\t<div class=\"elementor-widget-container\">\n\t\t\t\t\t\t\t<p>Berufsorientierung in der GemS Neunkirchen Stadtmitte<\/p><p>Alle Kinder und Jugendlichen haben unterschiedliche Interessen, F\u00e4higkeiten und Talente. Es ist wichtig, dass sie diese kennen und nutzen, um im jungen Erwachsenenalter nicht nur irgendeinen Beruf zu finden, sondern einen der ihnen richtig viel Spa\u00df macht, den sie gerne und mit viel Leidenschaft aus\u00fcben, eben den pers\u00f6nlichen Traumberuf!<\/p><p>Damit m\u00f6glichst viele Sch\u00fcler:innen ihren Traumberuf finden und erlernen k\u00f6nnen, hat die GemS Neunkirchen Stadtmitte ein umfangreiches Konzept entwickelt, welches die Sch\u00fcler:innen in den Klassenstufen 7 bis 10 im Rahmen der Berufsorientierung durchlaufen.<\/p><p>Da die Berufsorientierung nicht nur die Jugendlichen und die Schule betrifft, sondern das Elternhaus oft eine entscheidende Rolle bei der Suche nach dem Traumberuf spielt, finden in der GemS Neunkirchen Stadtmitte regelm\u00e4\u00dfig Elternabende zum Thema Berufsorientierung statt. Hier werden den Eltern die geplanten Ma\u00dfnahmen detailliert erkl\u00e4rt, die Berufsberater stellen sich vor und auch das Schulsystem der Berufsschulen und gymnasialen Oberstufe wird den Erziehungsberechtigen erl\u00e4utert.<\/p><p>Die berufsorientierenden Ma\u00dfnahmen beginnen in Klassenstufe 7 mit einer Art \u201eWarm-up-Phase\u201c mit der Teilnahme am Girls Day bzw. Boys Day und dem Besuch der Ausstellung, welche die 8. Kl\u00e4ssler \u00fcber ihre Praktika vorbereiten.<\/p><p>In der achten Klasse starten die Sch\u00fcler:innen in Sachen Berufsorientierung dann voll durch: Sie absolvieren ihr erstes zweiw\u00f6chiges Betriebspraktikum in einem sozialen oder handwerklichen Beruf. Darauf werden sie von der Schule nat\u00fcrlich intensiv vorbereitet, denn zuvor findet eine Projektwoche zum Thema \u201ePraktikum und Beruf\u201c statt. Hier lernen die Jugendlichen nicht nur die Vielfalt der M\u00f6glichkeiten und Berufe kennen, sondern \u00dcben auch das Schreiben von Bewerbungen, durchlaufen Bewerbertrainings und vieles mehr. Dazu kooperiert die Schule sowohl mit der Agentur f\u00fcr Arbeit als auch mit verschiedenen Betrieben. Selbstverst\u00e4ndlich erhalten auch alle Sch\u00fcler:innen Unterst\u00fctzung beim Finden ihres Praktikumsplatzes.<\/p><p>Begleitend zum Praktikum f\u00fchren die Achtkl\u00e4ssler:innen ein Berichtsheft. Dieses erh\u00e4lt jede\/r Sch\u00fcler:in auf individuellem Anforderungsniveau. Nach dem Praktikum werden die Eindr\u00fccke und Ergebnisse der Praktika mit Plakaten in kurzen Vortr\u00e4gen den Mitsch\u00fcler:innen pr\u00e4sentiert und es wird eine Ausstellung veranstaltet in welcher alle Sch\u00fcler:innen der 7. und 8. Klassen die Plakate der anderen Sch\u00fcler:innen ansehen k\u00f6nnen.<\/p><p>F\u00fcr die Sch\u00fcler:innen startet in der 9. Klasse die individuelle Beratung durch die Arbeitsagentur. Die Berufsberater welche w\u00f6chentlich an unserer Schule sind, bem\u00fchen sich insbesondere mit den Sch\u00fcler:innen, die in Klasse 9 ihren HSA machen, direkt einen Ausbildungsplatz zu finden, beraten aber auch alle anderen Sch\u00fcler:innen in Bezug auf weitere schulische M\u00f6glichkeiten und vieles mehr. Auch erhalten die 9. Kl\u00e4ssler:innen erneute Bewerbertrainings und Unterst\u00fctzung einen Platz f\u00fcr ihr zweites zweiw\u00f6chiges Praktikum zu finden. Dieses wird wie bereits in Klasse 8 wieder mit einem Praktikumsbericht begleitet, auch findet eine erneute Pr\u00e4sentation, diesmal in digitaler Form, vor der eigenen Klasse statt. Mit den Berufsbildungszentren in Neunkirchen laufen verschiedene Kooperationen, sodass die Sch\u00fcler:innen die M\u00f6glichkeit haben, diese Schulen bereits fr\u00fchzeitig kennenzulernen.<\/p><p>Auch in Klassenstufe 10 werden die Sch\u00fcler:innen von den Berufsberatern in der Schule unterst\u00fctzt, die f\u00fcr sie passenden Zukunftsentscheidungen zu treffen und werden weiterhin mit Bewerbertrainings auf ihre Berufslaufbahn vorbereitet. Auch der Besuch verschiedener Berufsmessen und Veranstaltungen beispielsweise im Rahmen des Zukunftsdiploms der Stadt Neunkirchen ist f\u00fcr Interessierte m\u00f6glich.<\/p><p>J\u00e4hrlich ist f\u00fcr die Sch\u00fcler:innen, welche im folgenden Schuljahr ihren Schulabschluss machen, ein Besuch der Berufsmesse Vocatium m\u00f6glich. Dort k\u00f6nnen sie sich in pers\u00f6nlichen Gespr\u00e4chen bei den gro\u00dfen Betrieben \u00fcber die Ausbildungsm\u00f6glichkeiten im Folgejahr informieren.<\/p><p>Eine entscheidende Rolle bei all den Angeboten spielen f\u00fcr uns als Schule die Betriebe, die mit uns kooperieren. Dies geschieht beispielsweise in Form eines eigenen Berufsinformationstages in unserer Schule wof\u00fcr j\u00e4hrlich mehr als 20 Unternehmen sich den Sch\u00fcler:innen in kurzen Vortr\u00e4gen vorstellen und sp\u00e4ter auch f\u00fcr individuelle Beratungsgespr\u00e4che parat stehen.<\/p><p>Ebenfalls findet j\u00e4hrlich ein Betriebsbesichtigungstag statt. Hier k\u00f6nnen die Sch\u00fcler:innen der Klassenstufen 8-10 einen von jeweils ca. acht Betrieben ausw\u00e4hlen und diesen vor Ort besichtigen und hinter die Kulissen blicken. Solche Besuche wie beispielsweise die Besichtigung \u201eGl\u00e4serner Globus\u201c in St. Wendel k\u00f6nnen einmalige Ereignisse sein und bleiben lange im Ged\u00e4chtnis.<\/p>\t\t\t\t\t\t<\/div>\n\t\t\t\t<\/div>\n\t\t\t\t\t<\/div>\n\t\t<\/div>\n\t\t\t\t\t\t\t<\/div>\n\t\t<\/section>\n\t\t\t\t<section class=\"elementor-section elementor-top-section elementor-element elementor-element-00ce192 elementor-section-boxed elementor-section-height-default elementor-section-height-default\" data-id=\"00ce192\" data-element_type=\"section\">\n\t\t\t\t\t\t<div class=\"elementor-container elementor-column-gap-default\">\n\t\t\t\t\t<div class=\"elementor-column elementor-col-100 elementor-top-column elementor-element elementor-element-89a3992\" data-id=\"89a3992\" data-element_type=\"column\">\n\t\t\t<div class=\"elementor-widget-wrap elementor-element-populated\">\n\t\t\t\t\t\t\t\t<div class=\"elementor-element elementor-element-68e90a2 elementor-widget elementor-widget-text-editor\" data-id=\"68e90a2\" data-element_type=\"widget\" data-widget_type=\"text-editor.default\">\n\t\t\t\t<div class=\"elementor-widget-container\">\n\t\t\t\t\t\t\t\t\t\t\t\t\t<\/div>\n\t\t\t\t<\/div>\n\t\t\t\t<section class=\"elementor-section elementor-inner-section elementor-element elementor-element-60b146c elementor-section-boxed elementor-section-height-default elementor-section-height-default\" data-id=\"60b146c\" data-element_type=\"section\">\n\t\t\t\t\t\t<div class=\"elementor-container elementor-column-gap-default\">\n\t\t\t\t\t<div class=\"elementor-column elementor-col-50 elementor-inner-column elementor-element elementor-element-9345565\" data-id=\"9345565\" data-element_type=\"column\">\n\t\t\t<div class=\"elementor-widget-wrap elementor-element-populated\">\n\t\t\t\t\t\t\t\t<div class=\"elementor-element elementor-element-a57c070 elementor-widget elementor-widget-text-editor\" data-id=\"a57c070\" data-element_type=\"widget\" data-widget_type=\"text-editor.default\">\n\t\t\t\t<div class=\"elementor-widget-container\">\n\t\t\t\t\t\t\t<p>Ganz neu ab dem Schuljahr 2023\/2024 ist an unserer Schule die sogenannte \u201eTalent Company\u201c der Strahlemann Stiftung. Dies ist ein eigener Raum extra f\u00fcr die Berufsorientierung und alle damit verbundenen Ma\u00dfnahmen.<\/p>\t\t\t\t\t\t<\/div>\n\t\t\t\t<\/div>\n\t\t\t\t\t<\/div>\n\t\t<\/div>\n\t\t\t\t<div class=\"elementor-column elementor-col-50 elementor-inner-column elementor-element elementor-element-3010b19\" data-id=\"3010b19\" data-element_type=\"column\">\n\t\t\t<div class=\"elementor-widget-wrap elementor-element-populated\">\n\t\t\t\t\t\t\t\t<div class=\"elementor-element elementor-element-f411d2f elementor-widget elementor-widget-image\" data-id=\"f411d2f\" data-element_type=\"widget\" data-widget_type=\"image.default\">\n\t\t\t\t<div class=\"elementor-widget-container\">\n\t\t\t\t\t\t\t\t\t\t\t\t\t\t\t<img loading=\"lazy\" decoding=\"async\" width=\"455\" height=\"302\" src=\"https:\/\/www.gemsnk.de\/wp-content\/uploads\/2023\/11\/Tuer-Talent-Company-Logo_webformat.jpg\" class=\"attachment-large size-large wp-image-4270\" alt=\"\" srcset=\"https:\/\/www.gemsnk.de\/wp-content\/uploads\/2023\/11\/Tuer-Talent-Company-Logo_webformat.jpg 455w, https:\/\/www.gemsnk.de\/wp-content\/uploads\/2023\/11\/Tuer-Talent-Company-Logo_webformat-300x199.jpg 300w, https:\/\/www.gemsnk.de\/wp-content\/uploads\/2023\/11\/Tuer-Talent-Company-Logo_webformat-407x270.jpg 407w\" sizes=\"auto, (max-width: 455px) 100vw, 455px\" \/>\t\t\t\t\t\t\t\t\t\t\t\t\t\t\t<\/div>\n\t\t\t\t<\/div>\n\t\t\t\t\t<\/div>\n\t\t<\/div>\n\t\t\t\t\t\t\t<\/div>\n\t\t<\/section>\n\t\t\t\t\t<\/div>\n\t\t<\/div>\n\t\t\t\t\t\t\t<\/div>\n\t\t<\/section>\n\t\t\t\t<section class=\"elementor-section elementor-top-section elementor-element elementor-element-b1b552c elementor-section-boxed elementor-section-height-default elementor-section-height-default\" data-id=\"b1b552c\" data-element_type=\"section\">\n\t\t\t\t\t\t<div class=\"elementor-container elementor-column-gap-default\">\n\t\t\t\t\t<div class=\"elementor-column elementor-col-100 elementor-top-column elementor-element elementor-element-1816d51\" data-id=\"1816d51\" data-element_type=\"column\">\n\t\t\t<div class=\"elementor-widget-wrap elementor-element-populated\">\n\t\t\t\t\t\t\t\t<div class=\"elementor-element elementor-element-32ce787 elementor-widget elementor-widget-text-editor\" data-id=\"32ce787\" data-element_type=\"widget\" data-widget_type=\"text-editor.default\">\n\t\t\t\t<div class=\"elementor-widget-container\">\n\t\t\t\t\t\t\t<p>In dieser Talent Company finden die Sch\u00fcler:innen nicht nur die komplette technische Ausstattung von Internet und Computer \u00fcber Drucker und Telefon, die heutzutage f\u00fcr eine Bewerbung notwendig ist, sondern hier finden vor allem auch ganz viele Aktionen mit regionalen Betrieben statt. Diese Betriebe hei\u00dfen Jobwall-Partner und sind offiziell Unterst\u00fctzer und F\u00f6rderer der Talent Company unserer Schule. Das bedeutet, dass sich die Sch\u00fcler:innen f\u00fcr die Angebote, die ihren Interessen entsprechen anmelden k\u00f6nnen und dann mit den Organisatoren und Chefs der Betriebe hautnah in Workshops zusammenarbeiten und viele Informationen zu den Betrieben und Berufen erfahren k\u00f6nnen. So k\u00f6nnen die Sch\u00fcler:innen gute Einblicke in die entsprechenden Berufe erhalten und die Betriebe k\u00f6nnen fr\u00fchzeitig m\u00f6gliche Praktikanten oder sogar Auszubildende finden und kennenlernen.<\/p><p><br><\/p>\n<p>Wir sind besonders froh und stolz, dass gerade unsere Schule eine Talent Company aufbauen darf, um unsere bereits vorhandenen berufsorientierenden Ma\u00dfnahmen mit diesem tollen Angebot zu erweitern und so die Talente unserer Sch\u00fcler:innen entdecken und f\u00f6rdern zu k\u00f6nnen.<\/p>\n<p>Am Ende ihrer Schulzeit erhalten alle Sch\u00fcler:innen, die unsere Schule verlassen, erhalten ein Zertifikat, welches ihnen die Teilnahme an den berufsorientierenden Ma\u00dfnahmen der Schule bescheinigt und den Bewerbungen beigelegt werden kann.<\/p>\t\t\t\t\t\t<\/div>\n\t\t\t\t<\/div>\n\t\t\t\t\t<\/div>\n\t\t<\/div>\n\t\t\t\t\t\t\t<\/div>\n\t\t<\/section>\n\t\t\t\t<section class=\"elementor-section elementor-top-section elementor-element elementor-element-2ebcd14 elementor-section-boxed elementor-section-height-default elementor-section-height-default\" data-id=\"2ebcd14\" data-element_type=\"section\">\n\t\t\t\t\t\t<div class=\"elementor-container elementor-column-gap-default\">\n\t\t\t\t\t<div class=\"elementor-column elementor-col-100 elementor-top-column elementor-element elementor-element-a484fa3\" data-id=\"a484fa3\" data-element_type=\"column\">\n\t\t\t<div class=\"elementor-widget-wrap elementor-element-populated\">\n\t\t\t\t\t\t\t\t<div class=\"elementor-element elementor-element-588651a elementor-invisible elementor-widget elementor-widget-image\" data-id=\"588651a\" data-element_type=\"widget\" data-settings=\"{&quot;_animation&quot;:&quot;bounceIn&quot;}\" data-widget_type=\"image.default\">\n\t\t\t\t<div class=\"elementor-widget-container\">\n\t\t\t\t\t\t\t\t\t\t\t\t\t\t\t<img loading=\"lazy\" decoding=\"async\" width=\"640\" height=\"391\" src=\"https:\/\/www.gemsnk.de\/wp-content\/uploads\/2020\/06\/forward-1276286_1920-1-1024x626.jpg\" class=\"attachment-large size-large wp-image-1221\" alt=\"\" srcset=\"https:\/\/www.gemsnk.de\/wp-content\/uploads\/2020\/06\/forward-1276286_1920-1-1024x626.jpg 1024w, https:\/\/www.gemsnk.de\/wp-content\/uploads\/2020\/06\/forward-1276286_1920-1-300x183.jpg 300w, https:\/\/www.gemsnk.de\/wp-content\/uploads\/2020\/06\/forward-1276286_1920-1-768x470.jpg 768w, https:\/\/www.gemsnk.de\/wp-content\/uploads\/2020\/06\/forward-1276286_1920-1-1536x939.jpg 1536w, https:\/\/www.gemsnk.de\/wp-content\/uploads\/2020\/06\/forward-1276286_1920-1-442x270.jpg 442w, https:\/\/www.gemsnk.de\/wp-content\/uploads\/2020\/06\/forward-1276286_1920-1.jpg 1920w\" sizes=\"auto, (max-width: 640px) 100vw, 640px\" \/>\t\t\t\t\t\t\t\t\t\t\t\t\t\t\t<\/div>\n\t\t\t\t<\/div>\n\t\t\t\t\t<\/div>\n\t\t<\/div>\n\t\t\t\t\t\t\t<\/div>\n\t\t<\/section>\n\t\t\t\t\t\t\t<\/div>\n\t\t","protected":false},"excerpt":{"rendered":"<p>Berufsorientierung in der GemS Neunkirchen Stadtmitte Alle Kinder und Jugendlichen haben unterschiedliche Interessen, F\u00e4higkeiten und Talente. Es ist wichtig, dass sie diese kennen und nutzen, um im jungen Erwachsenenalter nicht&hellip;<\/p>\n","protected":false},"author":1,"featured_media":0,"parent":0,"menu_order":0,"comment_status":"closed","ping_status":"closed","template":"","meta":{"_EventAllDay":false,"_EventTimezone":"","_EventStartDate":"","_EventEndDate":"","_EventStartDateUTC":"","_EventEndDateUTC":"","_EventShowMap":false,"_EventShowMapLink":false,"_EventURL":"","_EventCost":"","_EventCostDescription":"","_EventCurrencySymbol":"","_EventCurrencyCode":"","_EventCurrencyPosition":"","_EventDateTimeSeparator":"","_EventTimeRangeSeparator":"","_EventOrganizerID":[],"_EventVenueID":[],"_OrganizerEmail":"","_OrganizerPhone":"","_OrganizerWebsite":"","_VenueAddress":"","_VenueCity":"","_VenueCountry":"","_VenueProvince":"","_VenueState":"","_VenueZip":"","_VenuePhone":"","_VenueURL":"","_VenueStateProvince":"","_VenueLat":"","_VenueLng":"","_VenueShowMap":false,"_VenueShowMapLink":false,"footnotes":""},"class_list":["post-1202","page","type-page","status-publish","hentry"],"_links":{"self":[{"href":"https:\/\/www.gemsnk.de\/index.php?rest_route=\/wp\/v2\/pages\/1202","targetHints":{"allow":["GET"]}}],"collection":[{"href":"https:\/\/www.gemsnk.de\/index.php?rest_route=\/wp\/v2\/pages"}],"about":[{"href":"https:\/\/www.gemsnk.de\/index.php?rest_route=\/wp\/v2\/types\/page"}],"author":[{"embeddable":true,"href":"https:\/\/www.gemsnk.de\/index.php?rest_route=\/wp\/v2\/users\/1"}],"replies":[{"embeddable":true,"href":"https:\/\/www.gemsnk.de\/index.php?rest_route=%2Fwp%2Fv2%2Fcomments&post=1202"}],"version-history":[{"count":85,"href":"https:\/\/www.gemsnk.de\/index.php?rest_route=\/wp\/v2\/pages\/1202\/revisions"}],"predecessor-version":[{"id":4841,"href":"https:\/\/www.gemsnk.de\/index.php?rest_route=\/wp\/v2\/pages\/1202\/revisions\/4841"}],"wp:attachment":[{"href":"https:\/\/www.gemsnk.de\/index.php?rest_route=%2Fwp%2Fv2%2Fmedia&parent=1202"}],"curies":[{"name":"wp","href":"https:\/\/api.w.org\/{rel}","templated":true}]}}